{"id":6681,"date":"2026-08-01T13:32:01","date_gmt":"2026-08-01T13:32:01","guid":{"rendered":"https:\/\/lsr365.com\/?post_type=catalog&#038;p=6681"},"modified":"2026-08-26T04:26:55","modified_gmt":"2026-08-26T04:26:55","slug":"autocaravana-benimar-ford-para-5-personas-en-alicante","status":"publish","type":"catalog","link":"https:\/\/lsr365.com\/de\/catalog\/autocaravana-benimar-ford-para-5-personas-en-alicante\/","title":{"rendered":"Wohnmobil Benimar Ford f\u00fcr 5 Personen in Alicante"},"content":{"rendered":"<h1>Wohnmobil Benimar Ford f\u00fcr 5 Personen in Alicante<\/h1>\n<p>Wenn du ein ger\u00e4umiges Wohnmobil f\u00fcr Familienreisen suchst, aber kein \u00fcberm\u00e4\u00dfig gro\u00dfes Fahrzeug fahren m\u00f6chtest, ist dieses Benimar auf Ford-Basis eine sehr ausgewogene Wahl.<\/p>\n<p class=\"translation-block\">Mit einer L\u00e4nge von 6,97 Metern bietet es einen ger\u00e4umigen und komfortablen Innenraum, w\u00e4hrend die Abmessungen ein relativ leichtes Fahren und Man\u00f6vrieren erm\u00f6glichen.<\/p>\n<p>Es verf\u00fcgt \u00fcber verschiedene Schlafbereiche, ein gro\u00dfz\u00fcgiges Wohnzimmer, eine K\u00fcche, ein komplettes Bad und eine gro\u00dfe Garage mit Zugang von beiden Seiten.<\/p>\n<h2>Ein Wohnmobil f\u00fcr Familienreisen<\/h2>\n<p>Der Innenraum ist so gestaltet, dass der Platz optimal genutzt wird und mehrere Personen bequem reisen und sich ausruhen k\u00f6nnen.<\/p>\n<p>Ausstattung:<\/p>\n<ul>\n<li>Cama capuchina de <strong>155 \u00d7 210 cm<\/strong><\/li>\n<li>Etagenbett im Heck<\/li>\n<li>Gro\u00dfz\u00fcgiges Wohnzimmer mit doppelter Sitzgruppe<\/li>\n<li class=\"translation-block\">ISOFIX f\u00fcr Kindersitze<\/li>\n<li class=\"translation-block\">150-Liter-K\u00fchlschrank<\/li>\n<li>Ausgestattete K\u00fcche<\/li>\n<li>Bad mit Dusche und WC<\/li>\n<li>Warmwasser<\/li>\n<li>Gro\u00dfe Garage mit Zugang von beiden Seiten<\/li>\n<\/ul>\n<p>Die Aufteilung erm\u00f6glicht es, Schlaf- und Wohnbereich einfach voneinander zu trennen \u2013 besonders praktisch, wenn man mit der Familie unterwegs ist.<\/p>\n<h2>Motor und Fahrverhalten<\/h2>\n<p class=\"translation-block\">Das Wohnmobil ist mit einem Ford 2.0-Motor mit 130 PS und 6-Gang-Schaltgetriebe ausgestattet.<\/p>\n<p>Um das Fahren zu erleichtern, verf\u00fcgt es \u00fcber:<\/p>\n<ul>\n<li>Automatische Klimaanlage<\/li>\n<li>R\u00fcckfahrkamera<\/li>\n<li>Fahrassistenzsysteme<\/li>\n<li>Abmessungen von 6,97 Metern L\u00e4nge<\/li>\n<\/ul>\n<p>Seine Gr\u00f6\u00dfe bietet eine gute Balance zwischen Innenraum und einfacher Fahrbarkeit, sowohl auf der Stra\u00dfe als auch beim Rangieren.<\/p>\n<h2>Was ist in der Miete enthalten?<\/h2>\n<p class=\"translation-block\">Bei der Buchung dieses Wohnmobils ist eine Basis-Kilometerpauschale von 150 km pro Tag inbegriffen.<\/p>\n<p>Wenn du mehr Kilometer zur\u00fccklegen m\u00f6chtest, kannst du eine der folgenden Optionen w\u00e4hlen:<\/p>\n<ul>\n<li class=\"translation-block\">150 km\/Tag \u2014 im Preis inbegriffen<\/li>\n<li class=\"translation-block\">250 km\/Tag \u2014 +10 \u20ac\/Tag<\/li>\n<li class=\"translation-block\">350 km\/Tag \u2014 +20 \u20ac\/Tag<\/li>\n<li class=\"translation-block\">Mehr als 350 km\/Tag \u2014 0,25 \u20ac\/zus\u00e4tzlichem km<\/li>\n<li class=\"translation-block\">Unbegrenzte Kilometer \u2014 +30 \u20ac\/Tag<\/li>\n<\/ul>\n<p>So kannst du die Option w\u00e4hlen, die am besten zu deiner geplanten Reise passt.<\/p>\n<h2>Kaution<\/h2>\n<p class=\"translation-block\">Die Kaution betr\u00e4gt 800 \u20ac und muss per Bankkarte bezahlt werden.<\/p>\n<p>Die Kaution wird gem\u00e4\u00df den Mietbedingungen abgewickelt.<\/p>\n<h2>Abholung des Wohnmobils in San Pedro del Pinatar<\/h2>\n<p>Unsere Wohnmobile befinden sich in Alicante und San Pedro del Pinatar<\/p>\n<p>Den genauen Standort findest du hier:<\/p>\n<p><strong><a href=\"https:\/\/www.google.com\/maps\/place\/37%C2%B052&#039;54.3%22N+0%C2%B048&#039;55.2%22W\/@37.8817438,-0.8179115,551m\/data=!3m2!1e3!4b1!4m4!3m3!8m2!3d37.8817438!4d-0.8153366?entry=ttu&amp;g_ep=EgoyMDI2MDgxNi4wIKXMDSoASAFQAw%3D%3D\" target=\"_blank\" rel=\"noopener\">Standort der Wohnmobile auf Google Maps ansehen<\/a><\/strong><\/p>\n<p class=\"translation-block\">Wenn du mit dem Auto kommst, um das Wohnmobil abzuholen, kannst du dein Fahrzeug w\u00e4hrend der Mietdauer kostenlos auf unserem privaten, umz\u00e4unten Parkplatz abstellen.<\/p>\n<h2>Wohnmobilvermietung in Alicante<\/h2>\n<p class=\"translation-block\">Dieses Benimar-Wohnmobil geh\u00f6rt zur Flotte von <a href=\"https:\/\/lsr365.com\/de\/alquiler-de-autocaravanas-en-alicante\/\" target=\"_self\"><strong>LSR365 \u2013 Libertad Sobre Ruedas<\/strong><\/a>, spezialisiert auf die Vermietung von Wohnmobilen und Campervans in Alicante.<\/p>\n<p class=\"translation-block\">Vor deiner Buchung kannst du au\u00dferdem die <a href=\"https:\/\/lsr365.com\/de\/benimar-sport-324-up-para-6-personas\/\" target=\"_self\"><strong>vollst\u00e4ndige Ausstattung und alle Merkmale dieses Modells<\/strong><\/a> einsehen.<\/p>\n<p>Wenn du deine Reisedaten schon kennst, kannst du die Verf\u00fcgbarkeit direkt auf dieser Seite pr\u00fcfen und buchen.<\/p>\n<h3>Kurz\u00fcbersicht<\/h3>\n<p class=\"translation-block\"><strong>Typ:<\/strong> Wohnmobil<br>\n<strong>Standort:<\/strong> San Pedro del Pinatar<br>\n<strong>Motor:<\/strong> Ford 2.0 \u2013 130 PS<br>\n<strong>Getriebe:<\/strong> Manuell, 6-Gang<br>\n<strong>L\u00e4nge:<\/strong> 6,97 m<br>\n<strong>K\u00fchlschrank:<\/strong> 150 Liter<br>\n<strong>Bad:<\/strong> WC + Dusche<br>\n<strong>Alkovenbett:<\/strong> 155 \u00d7 210 cm<br>\n<strong>Garage:<\/strong> Ja, mit Zugang von beiden Seiten<br>\n<strong>Inkludierte Kilometer:<\/strong> 150 km\/Tag<br>\n<strong>Kaution:<\/strong> 800 \u20ac per Bankkarte<\/p>\n<div style=\"width: 300px; max-width: 100%; margin: 20px auto;\"><iframe title=\"Autocaravana Ford en Alicante\" src=\"https:\/\/www.youtube.com\/embed\/Q_h2mtdwwck\" width=\"300\" height=\"533\" allowfullscreen=\"allowfullscreen\"><\/iframe><\/div>","protected":false},"excerpt":{"rendered":"<p>Autocaravana Benimar Ford para 5 personas en Alicante Si buscas una autocaravana amplia para viajar&hellip;<\/p>","protected":false},"author":1,"featured_media":6713,"menu_order":0,"template":"","class_list":["post-6681","catalog","type-catalog","status-publish","has-post-thumbnail","hentry","vehicle_type-autocaravana","feature-agua-caliente","feature-bano-con-vater-y-ducha","feature-22-espacios-para-dormir","location-alicante","location-alicante-aeropuerto"],"acf":[],"_links":{"self":[{"href":"https:\/\/lsr365.com\/de\/wp-json\/wp\/v2\/catalog\/6681","targetHints":{"allow":["GET"]}}],"collection":[{"href":"https:\/\/lsr365.com\/de\/wp-json\/wp\/v2\/catalog"}],"about":[{"href":"https:\/\/lsr365.com\/de\/wp-json\/wp\/v2\/types\/catalog"}],"author":[{"embeddable":true,"href":"https:\/\/lsr365.com\/de\/wp-json\/wp\/v2\/users\/1"}],"version-history":[{"count":9,"href":"https:\/\/lsr365.com\/de\/wp-json\/wp\/v2\/catalog\/6681\/revisions"}],"predecessor-version":[{"id":6926,"href":"https:\/\/lsr365.com\/de\/wp-json\/wp\/v2\/catalog\/6681\/revisions\/6926"}],"wp:featuredmedia":[{"embeddable":true,"href":"https:\/\/lsr365.com\/de\/wp-json\/wp\/v2\/media\/6713"}],"wp:attachment":[{"href":"https:\/\/lsr365.com\/de\/wp-json\/wp\/v2\/media?parent=6681"}],"curies":[{"name":"wp","href":"https:\/\/api.w.org\/{rel}","templated":true}]}}