{"id":1504,"date":"2025-12-04T19:29:28","date_gmt":"2025-12-04T19:29:28","guid":{"rendered":"https:\/\/lsr365.eu\/?post_type=catalog&#038;p=1504"},"modified":"2026-08-21T15:35:25","modified_gmt":"2026-08-21T15:35:25","slug":"alquiler-autocaravana-citroen-4-personas-alicante","status":"publish","type":"catalog","link":"https:\/\/lsr365.com\/de\/catalog\/alquiler-autocaravana-citroen-4-personas-alicante\/","title":{"rendered":"Free Horizon f\u00fcr 4 Personen in Alicante"},"content":{"rendered":"<div data-elementor-type=\"wp-post\" data-elementor-id=\"1504\" class=\"elementor elementor-1504\" data-elementor-post-type=\"catalog\">\n\t\t\t\t<div class=\"elementor-element elementor-element-132cbbda e-flex e-con-boxed e-con e-parent\" data-id=\"132cbbda\" data-element_type=\"container\" data-e-type=\"container\">\n\t\t\t\t\t<div class=\"e-con-inner\">\n\t\t\t\t<div class=\"elementor-element elementor-element-e69f4b4 elementor-widget elementor-widget-heading\" data-id=\"e69f4b4\" data-element_type=\"widget\" data-e-type=\"widget\" data-widget_type=\"heading.default\">\n\t\t\t\t\t<h2 class=\"elementor-heading-title elementor-size-default\">Citro\u00ebn-Wohnmobilvermietung f\u00fcr 4 Personen in Alicante\n<\/h2>\t\t\t\t<\/div>\n\t\t\t\t<div class=\"elementor-element elementor-element-589ed938 elementor-widget elementor-widget-text-editor\" data-id=\"589ed938\" data-element_type=\"widget\" data-e-type=\"widget\" data-widget_type=\"text-editor.default\">\n\t\t\t\t\t\t\t\t\t<p data-start=\"1345\" data-end=\"1657\">Das Citro\u00ebn-Wohnmobil mit 4 Schlafpl\u00e4tzen in Alicante ist ideal f\u00fcr Paare oder kleine Familien, die komfortabel entlang der Costa Blanca reisen m\u00f6chten.<\/p><p data-start=\"1345\" data-end=\"1657\" class=\"translation-block\">Wenn Sie eine <strong data-start=\"1363\" data-end=\"1427\">Citro\u00ebn-Wohnmobilvermietung f\u00fcr 4 Personen in Alicante<\/strong> suchen, ist dies die perfekte Option, um die Costa Blanca in v\u00f6lliger Freiheit zu genie\u00dfen. Unser Wohnmobil wurde f\u00fcr Paare, kleine Familien oder Freundesgruppen konzipiert, die komfortabel reisen m\u00f6chten, ohne auf wesentliche Ausstattung zu verzichten.<\/p><p data-start=\"1345\" data-end=\"1657\" class=\"translation-block\">Weitere Details zum Modell finden Sie <a href=\"https:\/\/lsr365.com\/de\/comparacion-de-autocaravanas-en-alicante-peugeot-citroen-camper-vs-carthago-corado-i-449\/\" target=\"_self\">hier.<\/a><\/p><p data-start=\"1659\" data-end=\"1938\">Das Reisen mit dem Wohnmobil erm\u00f6glicht es Ihnen, Alicante und die Umgebung in Ihrem eigenen Tempo zu entdecken: Str\u00e4nde, versteckte Buchten, charmante D\u00f6rfer und Naturparks, ganz ohne Zeitpl\u00e4ne oder Hotels. Von Alicante aus haben Sie schnellen Zugang sowohl zur K\u00fcste als auch zum Landesinneren der Provinz.<\/p><hr data-start=\"1940\" data-end=\"1943\" \/><p data-start=\"3182\" data-end=\"3462\">\u00a0<\/p>\t\t\t\t\t\t\t\t<\/div>\n\t\t\t\t\t<\/div>\n\t\t\t\t<\/div>\n\t\t<div class=\"elementor-element elementor-element-9c4a8bf e-flex e-con-boxed e-con e-parent\" data-id=\"9c4a8bf\" data-element_type=\"container\" data-e-type=\"container\">\n\t\t\t\t\t<div class=\"e-con-inner\">\n\t\t\t\t<div class=\"elementor-element elementor-element-d3827fc elementor-widget elementor-widget-video\" data-id=\"d3827fc\" data-element_type=\"widget\" data-e-type=\"widget\" data-settings=\"{&quot;youtube_url&quot;:&quot;https:\\\/\\\/youtube.com\\\/shorts\\\/EzrNnUdVmfE&quot;,&quot;video_type&quot;:&quot;youtube&quot;,&quot;controls&quot;:&quot;yes&quot;}\" data-widget_type=\"video.default\">\n\t\t\t\t\t\t\t<div class=\"elementor-wrapper elementor-open-inline\">\n\t\t\t<div class=\"elementor-video\"><\/div>\t\t<\/div>\n\t\t\t\t\t\t<\/div>\n\t\t\t\t\t<\/div>\n\t\t\t\t<\/div>\n\t\t<div class=\"elementor-element elementor-element-41e1f71 e-flex e-con-boxed e-con e-parent\" data-id=\"41e1f71\" data-element_type=\"container\" data-e-type=\"container\">\n\t\t\t\t\t<div class=\"e-con-inner\">\n\t\t\t\t<div class=\"elementor-element elementor-element-7b876a4 elementor-widget elementor-widget-text-editor\" data-id=\"7b876a4\" data-element_type=\"widget\" data-e-type=\"widget\" data-widget_type=\"text-editor.default\">\n\t\t\t\t\t\t\t\t\t<h3 data-start=\"1945\" data-end=\"2010\">Vollst\u00e4ndig ausgestattetes Wohnmobil f\u00fcr komfortables Reisen<\/h3><p data-start=\"2012\" data-end=\"2279\" class=\"translation-block\">Dieses <strong data-start=\"2017\" data-end=\"2053\">Citro\u00ebn-Wohnmobil f\u00fcr 4 Personen<\/strong> verf\u00fcgt \u00fcber <strong data-start=\"2065\" data-end=\"2091\">4 Sicherheitsgurte und 4 Betten<\/strong>, die allen Insassen erholsamen Schlaf bieten. Es ist mit <strong data-start=\"2166\" data-end=\"2197\">Heizung und Warmwasser<\/strong> ausgestattet, ideal sowohl f\u00fcr Sommerreisen als auch f\u00fcr Ausfl\u00fcge in k\u00fchleren Jahreszeiten.<\/p><p data-start=\"2281\" data-end=\"2566\" class=\"translation-block\">Der <strong data-start=\"2304\" data-end=\"2318\">140-Liter-Wassertank<\/strong> und der <strong data-start=\"2352\" data-end=\"2365\">18-Liter-Trinkwassertank<\/strong> bieten ausgezeichnete Autarkie \u2013 ideal, um zu reisen, ohne st\u00e4ndig auf Servicepl\u00e4tze angewiesen zu sein. Dank des <strong data-start=\"2482\" data-end=\"2497\">Solarpanels<\/strong> genie\u00dfen Sie w\u00e4hrend Ihrer Route noch mehr Energieunabh\u00e4ngigkeit.<\/p><hr data-start=\"2568\" data-end=\"2571\" \/><h3 data-start=\"2573\" data-end=\"2625\">Komfort, Technologie und Unterhaltung an Bord<\/h3><p data-start=\"2627\" data-end=\"2936\" class=\"translation-block\">Der Innenraum ist vollst\u00e4ndig mit einem <strong data-start=\"2671\" data-end=\"2687\">Gasherd<\/strong>, Kochutensilien und einem <strong data-start=\"2711\" data-end=\"2739\">Campingtisch mit St\u00fchlen<\/strong> ausgestattet, die f\u00fcr Mahlzeiten im Freien gedacht sind. Das Wohnmobil verf\u00fcgt au\u00dferdem \u00fcber ein <strong data-start=\"2823\" data-end=\"2840\">Radio mit GPS<\/strong>, USB, Freisprechfunktion, Bluetooth und eine <strong data-start=\"2873\" data-end=\"2891\">R\u00fcckfahrkamera<\/strong>, was das Fahren sicherer und komfortabler macht.<\/p><p data-start=\"2938\" data-end=\"3118\" class=\"translation-block\">F\u00fcr Unterhaltung sorgen <strong data-start=\"2974\" data-end=\"3012\">Netflix, Spotify, YouTube und Google<\/strong>, sowie <strong data-start=\"3024\" data-end=\"3032\">WLAN<\/strong>, wodurch jede Fahrt und jeder Halt zu einem noch angenehmeren Erlebnis wird.<\/p><hr data-start=\"3120\" data-end=\"3123\" \/><h3 data-start=\"3125\" data-end=\"3180\">Strom und Autarkie f\u00fcr grenzenloses Reisen<\/h3><p data-start=\"3182\" data-end=\"3462\" class=\"translation-block\">Dieses Wohnmobil verf\u00fcgt \u00fcber <strong data-start=\"3211\" data-end=\"3234\">220V mit 2 Steckdosen<\/strong> und <strong data-start=\"3237\" data-end=\"3259\">12V mit 7 Steckdosen<\/strong>, sodass Sie Ger\u00e4te aufladen, remote arbeiten oder alle Annehmlichkeiten sorgenfrei genie\u00dfen k\u00f6nnen. Es ist die ideale Option sowohl f\u00fcr den Urlaub als auch f\u00fcr Wochenendausfl\u00fcge ab Alicante.<\/p>\t\t\t\t\t\t\t\t<\/div>\n\t\t\t\t\t<\/div>\n\t\t\t\t<\/div>\n\t\t<div class=\"elementor-element elementor-element-efff628 e-flex e-con-boxed e-con e-parent\" data-id=\"efff628\" data-element_type=\"container\" data-e-type=\"container\">\n\t\t\t\t\t<div class=\"e-con-inner\">\n\t\t\t\t<div class=\"elementor-element elementor-element-8739347 elementor-widget elementor-widget-video\" data-id=\"8739347\" data-element_type=\"widget\" data-e-type=\"widget\" data-settings=\"{&quot;youtube_url&quot;:&quot;https:\\\/\\\/youtube.com\\\/shorts\\\/qF8vVoTgT9o&quot;,&quot;video_type&quot;:&quot;youtube&quot;,&quot;controls&quot;:&quot;yes&quot;}\" data-widget_type=\"video.default\">\n\t\t\t\t\t\t\t<div class=\"elementor-wrapper elementor-open-inline\">\n\t\t\t<div class=\"elementor-video\"><\/div>\t\t<\/div>\n\t\t\t\t\t\t<\/div>\n\t\t\t\t\t<\/div>\n\t\t\t\t<\/div>\n\t\t<div class=\"elementor-element elementor-element-3d60f21 e-flex e-con-boxed e-con e-parent\" data-id=\"3d60f21\" data-element_type=\"container\" data-e-type=\"container\">\n\t\t\t\t\t<div class=\"e-con-inner\">\n\t\t\t\t<div class=\"elementor-element elementor-element-70abfa8 elementor-widget elementor-widget-text-editor\" data-id=\"70abfa8\" data-element_type=\"widget\" data-e-type=\"widget\" data-widget_type=\"text-editor.default\">\n\t\t\t\t\t\t\t\t\t<hr data-start=\"3464\" data-end=\"3467\" \/><h3 data-start=\"3469\" data-end=\"3519\">\ud83d\udd39 Reserva tu autocaravana Citro\u00ebn en Alicante<\/h3><p data-start=\"3521\" data-end=\"3774\" class=\"translation-block\">Si deseas una experiencia diferente, flexible y c\u00f3moda, el <a href=\"https:\/\/lsr365.com\/de\/catalog\/\" target=\"_self\"><strong data-start=\"3580\" data-end=\"3644\">alquiler de autocaravana Citro\u00ebn para 4 personas en Alicante<\/strong><\/a> es la mejor forma de viajar. Reserva ahora y empieza a disfrutar de la libertad sobre ruedas con todas las comodidades incluidas.<\/p><p data-start=\"561\" data-end=\"743\" class=\"translation-block\">Si est\u00e1s planificando tu viaje, tambi\u00e9n puedes consultar nuestras recomendaciones de <a href=\"https:\/\/lsr365.com\/de\/campings-en-la-costa-blanca-para-autocaravanas\/\" target=\"_self\"><strong data-start=\"646\" data-end=\"670\">campings en Alicante<\/strong><\/a>, donde podr\u00e1s pasar la noche con todos los servicios para autocaravanas.<\/p><p data-start=\"745\" data-end=\"923\" class=\"translation-block\">Tambi\u00e9n hemos preparado varias <a href=\"https:\/\/lsr365.com\/de\/rutas-en-autocaravana-por-la-costa-blanca\/\" target=\"_self\"><strong data-start=\"776\" data-end=\"821\">rutas en autocaravana por la Costa Blanca<\/strong><\/a>, perfectas para descubrir playas, pueblos con encanto y parques naturales viajando a tu propio ritmo.<\/p><p data-start=\"925\" data-end=\"1113\" class=\"translation-block\">Si quieres elegir el veh\u00edculo que mejor se adapta a tu viaje, puedes ver nuestra <a href=\"https:\/\/lsr365.com\/de\/comparacion-de-autocaravanas-en-alicante-peugeot-citroen-camper-vs-carthago-corado-i-449\/\" target=\"_self\"><strong data-start=\"1006\" data-end=\"1038\">comparaci\u00f3n de autocaravanas<\/strong><\/a>, donde explicamos las diferencias entre los distintos modelos disponibles.<\/p><p data-start=\"1115\" data-end=\"1300\" class=\"translation-block\">Adem\u00e1s, puedes visitar la p\u00e1gina principal de <a href=\"https:\/\/lsr365.com\/de\/alquiler-de-autocaravanas-en-alicante\/\" target=\"_self\"><strong data-start=\"1161\" data-end=\"1202\">alquiler de autocaravanas en Alicante<\/strong><\/a>, donde encontrar\u00e1s todos los veh\u00edculos disponibles y m\u00e1s informaci\u00f3n sobre el proceso de reserva.<\/p><p data-start=\"1302\" data-end=\"1486\" class=\"translation-block\">Si tienes cualquier duda antes de reservar, puedes ponerte en contacto con nosotros a trav\u00e9s de nuestra p\u00e1gina de <a href=\"https:\/\/lsr365.com\/de\/contacto\/\" target=\"_self\"><strong data-start=\"1416\" data-end=\"1428\">contacto<\/strong><\/a>, y estaremos encantados de ayudarte a organizar tu viaje.<\/p><h3 data-start=\"422\" data-end=\"446\">H\u00e4ufig gestellte Fragen<\/h3><p data-start=\"448\" data-end=\"607\"><strong data-start=\"448\" data-end=\"507\">\u2753 \u00bfQu\u00e9 carnet necesito para conducir esta autocaravana?<\/strong><br data-start=\"507\" data-end=\"510\" \/>Para conducir esta autocaravana es suficiente disponer del <strong data-start=\"569\" data-end=\"606\">carnet de conducir de categor\u00eda B<\/strong>.<\/p><hr data-start=\"609\" data-end=\"612\" \/><p data-start=\"614\" data-end=\"814\"><strong data-start=\"614\" data-end=\"682\">\u2753 \u00bfCu\u00e1ntas personas pueden viajar y dormir en esta autocaravana?<\/strong><br data-start=\"682\" data-end=\"685\" \/>Esta autocaravana est\u00e1 homologada para <strong data-start=\"724\" data-end=\"738\">4 personas<\/strong>, que pueden viajar y dormir c\u00f3modamente seg\u00fan la distribuci\u00f3n del veh\u00edculo.<\/p><hr data-start=\"816\" data-end=\"819\" \/><p data-start=\"821\" data-end=\"1027\"><strong data-start=\"821\" data-end=\"891\">\u2753 \u00bfEs una buena opci\u00f3n para personas que alquilan por primera vez?<\/strong><br data-start=\"891\" data-end=\"894\" \/>S\u00ed. Esta autocaravana Citro\u00ebn es ideal para quienes alquilan una autocaravana por primera vez, ya que es f\u00e1cil de conducir y manejar.<\/p><hr data-start=\"1029\" data-end=\"1032\" \/><p data-start=\"1034\" data-end=\"1279\"><strong data-start=\"1034\" data-end=\"1085\">\u2753 \u00bfRecibir\u00e9 alguna explicaci\u00f3n antes del viaje?<\/strong><br data-start=\"1085\" data-end=\"1088\" \/>S\u00ed. <strong data-start=\"1092\" data-end=\"1151\">Un d\u00eda antes de la salida enviamos un v\u00eddeo explicativo<\/strong> donde mostramos paso a paso c\u00f3mo utilizar la autocaravana, por lo que incluso sin experiencia previa todo resulta muy sencillo.<\/p><hr data-start=\"1281\" data-end=\"1284\" \/><p data-start=\"1286\" data-end=\"1484\"><strong data-start=\"1286\" data-end=\"1353\">\u2753 \u00bfEs c\u00f3moda para circular por ciudad y carreteras secundarias?<\/strong><br data-start=\"1353\" data-end=\"1356\" \/>S\u00ed. Gracias a su tama\u00f1o pr\u00e1ctico, es una autocaravana c\u00f3moda para circular tanto por carretera como por pueblos y zonas urbanas.<\/p><p data-start=\"1286\" data-end=\"1484\">Unsicher, ob Sie sich f\u00fcr dieses Modell oder ein vollintegriertes Wohnmobil entscheiden sollen?<\/p><p data-start=\"1286\" data-end=\"1484\"><a href=\"https:\/\/lsr365.com\/de\/comparacion-de-autocaravanas-en-alicante-peugeot-citroen-camper-vs-carthago-corado-i-449\/\">mas informacion aqui\u00a0<\/a><\/p><p data-start=\"1286\" data-end=\"1484\" class=\"translation-block\">Haben Sie Fragen zur Vermietung? Schauen Sie sich unsere <strong data-start=\"916\" data-end=\"975\"><a href=\"https:\/\/lsr365.com\/de\/faq-alquiler-autocaravanas\/\" target=\"_self\">H\u00e4ufig gestellten Fragen<\/a> zur Wohnmobilvermietung<\/strong> an.<\/p>\t\t\t\t\t\t\t\t<\/div>\n\t\t\t\t\t<\/div>\n\t\t\t\t<\/div>\n\t\t\t\t<\/div>","protected":false},"excerpt":{"rendered":"<p>Autocaravana Citro\u00ebn para 4 personas en Alicante. Compacta, c\u00f3moda y perfecta para viajar por la Costa Blanca.<\/p>","protected":false},"author":1,"featured_media":4650,"menu_order":2,"template":"","class_list":["post-1504","catalog","type-catalog","status-publish","has-post-thumbnail","hentry","vehicle_type-autocaravana","feature-agua-caliente","feature-bano-con-vater-y-ducha","feature-22-espacios-para-dormir","extra_option-ropa-de-cama","extra_option-monopatin-electrico","location-alicante","location-alicante-aeropuerto"],"acf":[],"_links":{"self":[{"href":"https:\/\/lsr365.com\/de\/wp-json\/wp\/v2\/catalog\/1504","targetHints":{"allow":["GET"]}}],"collection":[{"href":"https:\/\/lsr365.com\/de\/wp-json\/wp\/v2\/catalog"}],"about":[{"href":"https:\/\/lsr365.com\/de\/wp-json\/wp\/v2\/types\/catalog"}],"author":[{"embeddable":true,"href":"https:\/\/lsr365.com\/de\/wp-json\/wp\/v2\/users\/1"}],"version-history":[{"count":72,"href":"https:\/\/lsr365.com\/de\/wp-json\/wp\/v2\/catalog\/1504\/revisions"}],"predecessor-version":[{"id":6886,"href":"https:\/\/lsr365.com\/de\/wp-json\/wp\/v2\/catalog\/1504\/revisions\/6886"}],"wp:featuredmedia":[{"embeddable":true,"href":"https:\/\/lsr365.com\/de\/wp-json\/wp\/v2\/media\/4650"}],"wp:attachment":[{"href":"https:\/\/lsr365.com\/de\/wp-json\/wp\/v2\/media?parent=1504"}],"curies":[{"name":"wp","href":"https:\/\/api.w.org\/{rel}","templated":true}]}}